{"id":135,"date":"2014-11-18T17:12:10","date_gmt":"2014-11-18T16:12:10","guid":{"rendered":"http:\/\/www.campingwarandebvba.be\/?page_id=135"},"modified":"2024-03-31T16:12:51","modified_gmt":"2024-03-31T14:12:51","slug":"camping-de","status":"publish","type":"page","link":"https:\/\/campingwarandebvba.be\/de\/camping-de\/","title":{"rendered":"Camping"},"content":{"rendered":"<p>Auf unserem \u00e4u\u00dferst gepflegten Gel\u00e4nde finden Sie Kurzzeit-Campingpl\u00e4tze (pro Tag, Monat oder Saison) sowie Pl\u00e4tze f\u00fcr Zelte und Wohnmobile. Ein Teil des Gel\u00e4ndes ist f\u00fcr fest angeschlossene Wohnwagen reserviert. Alle Pl\u00e4tze haben einen Anschluss f\u00fcr Strom, Kabelfernsehen, Wasser und Kanalisation.<\/p>\n<p><iframe loading=\"lazy\" src=\"\/\/www.youtube.com\/embed\/uSsvIbTAELY\" width=\"560\" height=\"314\" allowfullscreen=\"allowfullscreen\"><\/iframe><\/p>\n","protected":false},"excerpt":{"rendered":"<p>Auf unserem \u00e4u\u00dferst gepflegten Gel\u00e4nde finden Sie Kurzzeit-Campingpl\u00e4tze sowie Pl\u00e4tze f\u00fcr Zelte und Wohnmobile.<\/p>\n","protected":false},"author":2,"featured_media":1590,"parent":0,"menu_order":2,"comment_status":"closed","ping_status":"closed","template":"","meta":{"ngg_post_thumbnail":0,"footnotes":""},"class_list":["post-135","page","type-page","status-publish","has-post-thumbnail","hentry"],"_links":{"self":[{"href":"https:\/\/campingwarandebvba.be\/de\/wp-json\/wp\/v2\/pages\/135","targetHints":{"allow":["GET"]}}],"collection":[{"href":"https:\/\/campingwarandebvba.be\/de\/wp-json\/wp\/v2\/pages"}],"about":[{"href":"https:\/\/campingwarandebvba.be\/de\/wp-json\/wp\/v2\/types\/page"}],"author":[{"embeddable":true,"href":"https:\/\/campingwarandebvba.be\/de\/wp-json\/wp\/v2\/users\/2"}],"replies":[{"embeddable":true,"href":"https:\/\/campingwarandebvba.be\/de\/wp-json\/wp\/v2\/comments?post=135"}],"version-history":[{"count":4,"href":"https:\/\/campingwarandebvba.be\/de\/wp-json\/wp\/v2\/pages\/135\/revisions"}],"predecessor-version":[{"id":1594,"href":"https:\/\/campingwarandebvba.be\/de\/wp-json\/wp\/v2\/pages\/135\/revisions\/1594"}],"wp:featuredmedia":[{"embeddable":true,"href":"https:\/\/campingwarandebvba.be\/de\/wp-json\/wp\/v2\/media\/1590"}],"wp:attachment":[{"href":"https:\/\/campingwarandebvba.be\/de\/wp-json\/wp\/v2\/media?parent=135"}],"curies":[{"name":"wp","href":"https:\/\/api.w.org\/{rel}","templated":true}]}}