{"id":141,"date":"2014-11-18T17:14:14","date_gmt":"2014-11-18T16:14:14","guid":{"rendered":"http:\/\/www.campingwarandebvba.be\/?page_id=141"},"modified":"2023-04-12T16:29:52","modified_gmt":"2023-04-12T14:29:52","slug":"umgebung","status":"publish","type":"page","link":"https:\/\/campingwarandebvba.be\/de\/umgebung\/","title":{"rendered":"Umgebung"},"content":{"rendered":"<p>In der N\u00e4he von Camping Warande finden Sie eine Reihe von M\u00f6glichkeiten um die Freizeit zu geniessen. Sie k\u00f6nnen viele Stunden spazieren in die D\u00fcnen oder das \u00f6ffentliches Nahverkehr nutzen um andere St\u00e4dte in die Umgebung zu besuchen. Die See garantiert spass f\u00fcr Kinder und Erwachsene.<\/p>\n<p>Sie finden auch zahlreiche Gesch\u00e4fte (Delhaize, Albert Hein, Lidl,&#8230;) und Restaurants.<\/p>\n<p>Nachstehend finden Sie eine umfassende Liste interessanter Links, die Ihnen bei der Planung Ihres Urlaubs helfen.<\/p>\n<p>Wo kann ich ein Restaurant finden? Was kann man dort unternehmen? Was kann ich besichtigen?<\/p>\n<table class=\" alignleft\" style=\"height: 1383px; width: 40.2288%;\" width=\"803\">\n<tbody>\n<tr style=\"height: 156px;\">\n<td style=\"height: 156px;\">\n<blockquote><p><strong>Bredene<\/strong><\/p><\/blockquote>\n<blockquote><p><a href=\"https:\/\/www.bredene.be\/de\/homepage-tourismus\" target=\"_blank\" rel=\"noopener noreferrer\">Website der Gemeinde Bredene<\/a><\/p><\/blockquote>\n<h3><\/h3>\n<\/td>\n<\/tr>\n<tr style=\"height: 396px;\">\n<td style=\"height: 396px;\">\n<h3><\/h3>\n<hr \/>\n<blockquote><p><strong>K\u00fcstenf\u00fchrer<\/strong><\/p>\n<p><strong><br \/>\n<a href=\"https:\/\/www.belgischekueste.be\/machen\/aktivitaeten-der-kueste\" target=\"_blank\" rel=\"noopener noreferrer\"><img loading=\"lazy\" decoding=\"async\" class=\"alignnone wp-image-246\" src=\"https:\/\/campingwarandebvba.be\/wp-content\/uploads\/2014\/11\/Itrip-300x248.png\" alt=\"Itrip\" width=\"214\" height=\"177\" srcset=\"https:\/\/campingwarandebvba.be\/wp-content\/uploads\/2014\/11\/Itrip-300x248.png 300w, https:\/\/campingwarandebvba.be\/wp-content\/uploads\/2014\/11\/Itrip.png 314w\" sizes=\"auto, (max-width: 214px) 100vw, 214px\" \/><\/a><br \/>\n<\/strong><\/p><\/blockquote>\n<\/td>\n<\/tr>\n<tr style=\"height: 195px;\">\n<td style=\"height: 195px;\">\n<blockquote>\n<hr \/>\n<p><strong>Wander- und Fahrradtipps f\u00fcr unsere G\u00e4ste<\/strong><\/p><\/blockquote>\n<p><a href=\"https:\/\/www.bredene.be\/de\/freizeit\/bewegung-und-sport\/wanderbroschuere-bredene\" target=\"_blank\" rel=\"noopener\">Wanderbrosch\u00fcre Bredene<\/a><a href=\"http:\/\/west-vlinderen.be\/routes\/detail\/kwYil\/\" target=\"_blank\" rel=\"noopener noreferrer\"><br \/>\n<\/a><\/p>\n<p><a href=\"https:\/\/west-vlinderen.be\/routes\/\" target=\"_blank\" rel=\"noopener noreferrer\">Andere wandel-en fietstips<\/a><\/td>\n<\/tr>\n<tr style=\"height: 370px;\">\n<td style=\"height: 370px;\">\n<blockquote>\n<hr \/>\n<p><strong>Attraktionen<\/strong><\/p>\n<p>Der kostenlose K\u00fcstenpass, den Sie an der Rezeption erhalten und hier herunterladen k\u00f6nnen, bietet Ihnen einen Vorteil von bis zu 300 \u20ac.<\/p>\n<p><a href=\"http:\/\/www.kustpas.be\" target=\"_blank\" rel=\"noopener noreferrer\"><img loading=\"lazy\" decoding=\"async\" class=\" alignleft wp-image-247\" src=\"https:\/\/campingwarandebvba.be\/wp-content\/uploads\/2014\/11\/kustpas-300x234.png\" alt=\"kustpas\" width=\"197\" height=\"153\" \/><\/a><\/p><\/blockquote>\n<\/td>\n<\/tr>\n<tr style=\"height: 242px;\">\n<td style=\"height: 242px;\">\n<hr \/>\n<p><strong>Informationen \u00fcber die K\u00fcste<\/strong><\/p>\n<p><a href=\"https:\/\/www.belgischekueste.be\/\" target=\"_blank\" rel=\"noopener noreferrer\"><img loading=\"lazy\" decoding=\"async\" class=\"alignnone wp-image-249\" src=\"https:\/\/campingwarandebvba.be\/wp-content\/uploads\/2014\/11\/LogoDeKust-300x158.png\" alt=\"LogoDeKust\" width=\"224\" height=\"118\" srcset=\"https:\/\/campingwarandebvba.be\/wp-content\/uploads\/2014\/11\/LogoDeKust-300x158.png 300w, https:\/\/campingwarandebvba.be\/wp-content\/uploads\/2014\/11\/LogoDeKust.png 322w\" sizes=\"auto, (max-width: 224px) 100vw, 224px\" \/><\/a><\/td>\n<\/tr>\n<tr style=\"height: 24px;\">\n<td style=\"height: 24px;\"><\/td>\n<\/tr>\n<\/tbody>\n<\/table>\n<p>&nbsp;<\/p>\n<p>&nbsp;<\/p>\n<p>&nbsp;<\/p>\n<p>&nbsp;<\/p>\n","protected":false},"excerpt":{"rendered":"<p>Sie werden sich kein Moment langweilen mit der N\u00e4he von Strand, D\u00fcne, See und Kultur. Spass f\u00fcr Alle.<\/p>\n","protected":false},"author":2,"featured_media":43,"parent":0,"menu_order":4,"comment_status":"closed","ping_status":"closed","template":"","meta":{"ngg_post_thumbnail":0,"footnotes":""},"class_list":["post-141","page","type-page","status-publish","has-post-thumbnail","hentry"],"_links":{"self":[{"href":"https:\/\/campingwarandebvba.be\/de\/wp-json\/wp\/v2\/pages\/141","targetHints":{"allow":["GET"]}}],"collection":[{"href":"https:\/\/campingwarandebvba.be\/de\/wp-json\/wp\/v2\/pages"}],"about":[{"href":"https:\/\/campingwarandebvba.be\/de\/wp-json\/wp\/v2\/types\/page"}],"author":[{"embeddable":true,"href":"https:\/\/campingwarandebvba.be\/de\/wp-json\/wp\/v2\/users\/2"}],"replies":[{"embeddable":true,"href":"https:\/\/campingwarandebvba.be\/de\/wp-json\/wp\/v2\/comments?post=141"}],"version-history":[{"count":9,"href":"https:\/\/campingwarandebvba.be\/de\/wp-json\/wp\/v2\/pages\/141\/revisions"}],"predecessor-version":[{"id":1209,"href":"https:\/\/campingwarandebvba.be\/de\/wp-json\/wp\/v2\/pages\/141\/revisions\/1209"}],"wp:featuredmedia":[{"embeddable":true,"href":"https:\/\/campingwarandebvba.be\/de\/wp-json\/wp\/v2\/media\/43"}],"wp:attachment":[{"href":"https:\/\/campingwarandebvba.be\/de\/wp-json\/wp\/v2\/media?parent=141"}],"curies":[{"name":"wp","href":"https:\/\/api.w.org\/{rel}","templated":true}]}}